{"id":987499409,"date":"2022-02-01T15:12:03","date_gmt":"2022-02-01T14:12:03","guid":{"rendered":"https:\/\/divancentre.org\/black-coffee\/"},"modified":"2025-03-18T20:46:09","modified_gmt":"2025-03-18T19:46:09","slug":"black-coffee","status":"publish","type":"page","link":"https:\/\/divancentre.org\/en\/black-coffee\/","title":{"rendered":"BLACK COFFEE"},"content":{"rendered":"<div class=\"wpb-content-wrapper\"><p>[vc_row full_width=&#8221;stretch_row_content_no_spaces&#8221; vc_row_background=&#8221;&#8221;][vc_column]<div  class=\"jeg_heroblock jeg_heroblock_1 jeg_col_3o3 jeg_hero_style_6 jnews_module__0_69f5b107636da   tiny-slider\" data-margin=\"0\"  data-autoplay=\"true\"\" data-delay=\"5000\"\">\n                <div class=\"jeg_hero_wrapper\"><div class=\"jeg_heroblock_wrapper\" style='margin: 0px 0px -0px -0px;'>\n\t                <article class=\"jeg_post jeg_hero_item_1 format-standard\" style=\"padding: 0 0 0px 0px;\">\n                        <div class=\"jeg_block_container\">\n                            \n                            <span class=\"jeg_postformat_icon\"><\/span>\n                            <div class=\"jeg_thumb\">\n                                <a href=\"https:\/\/divancentre.org\/en\/black-coffee-with-dr-majid-al-ansari\/\" aria-label=\"Read article: Black Coffee with Dr. Majid Al Ansari\"><div class=\"thumbnail-container thumbnail-background\" data-src=\"https:\/\/divancentre.org\/wp-content\/uploads\/2026\/02\/564A4014-copy-750x500.jpg\" >\n                        <div class=\"lazyloaded\" data-src=\"https:\/\/divancentre.org\/wp-content\/uploads\/2026\/02\/564A4014-copy-750x500.jpg\" style=\"background-image: url(https:\/\/divancentre.org\/wp-content\/uploads\/2026\/02\/564A4014-copy-750x500.jpg)\"><\/div>\n                    <\/div><\/a>\n                            <\/div>\n                            <div class=\"jeg_postblock_content\">\n                                <div class=\"jeg_post_category\"><a href=\"https:\/\/divancentre.org\/en\/category\/black-coffee-en\/\" class=\"category-black-coffee-en\">BLACK COFFEE<\/a><\/div>\n                                <div class=\"jeg_post_info\">\n                                    <h2 class=\"jeg_post_title\">\n                                        <a href=\"https:\/\/divancentre.org\/en\/black-coffee-with-dr-majid-al-ansari\/\"  aria-label=\"Read article: Black Coffee with Dr. Majid Al Ansari\">Black Coffee with Dr. Majid Al Ansari<\/a>\n                                    <\/h2>\n                                    <div class=\"jeg_post_meta\"><div class=\"jeg_meta_date\"><a href=\"https:\/\/divancentre.org\/en\/black-coffee-with-dr-majid-al-ansari\/\"><i class=\"fa fa-clock-o\"><\/i> 2 months ago<\/a><\/div><\/div>\n                                <\/div>\n                            <\/div>\n                        <\/div>\n                    <\/article>\n                <div class=\"jeg_heroblock_scroller\">\n                    <article class=\"jeg_post jeg_hero_item_2 format-standard\" style=\"padding: 0 0 0px 0px;\">\n                        <div class=\"jeg_block_container\">\n                            \n                            <span class=\"jeg_postformat_icon\"><\/span>\n                            <div class=\"jeg_thumb\">\n                                <a href=\"https:\/\/divancentre.org\/en\/black-coffee-with-major-general-dr-rashed-hamad-al-nuaimi\/\" aria-label=\"Read article: Black Coffee with Major General Dr. Rashed Hamad Al Nuaimi\"><div class=\"thumbnail-container thumbnail-background\" data-src=\"\" >\n                        <div class=\"lazyloaded\" data-src=\"\" style=\"background-image: url()\"><\/div>\n                    <\/div><\/a>\n                            <\/div>\n                            <div class=\"jeg_postblock_content\">\n                                <div class=\"jeg_post_category\"><a href=\"https:\/\/divancentre.org\/en\/category\/black-coffee-en\/\" class=\"category-black-coffee-en\">BLACK COFFEE<\/a><\/div>\n                                <div class=\"jeg_post_info\">\n                                    <h2 class=\"jeg_post_title\">\n                                        <a href=\"https:\/\/divancentre.org\/en\/black-coffee-with-major-general-dr-rashed-hamad-al-nuaimi\/\"  aria-label=\"Read article: Black Coffee with Major General Dr. Rashed Hamad Al Nuaimi\">Black Coffee with Major General Dr. Rashed Hamad Al Nuaimi<\/a>\n                                    <\/h2>\n                                    <div class=\"jeg_post_meta\"><div class=\"jeg_meta_date\"><a href=\"https:\/\/divancentre.org\/en\/black-coffee-with-major-general-dr-rashed-hamad-al-nuaimi\/\" ><i class=\"fa fa-clock-o\"><\/i> 3 months ago<\/a><\/div><\/div>\n                                <\/div>\n                            <\/div>\n                        <\/div>\n                    <\/article><article class=\"jeg_post jeg_hero_item_3 format-standard\" style=\"padding: 0 0 0px 0px;\">\n                        <div class=\"jeg_block_container\">\n                            \n                            <span class=\"jeg_postformat_icon\"><\/span>\n                            <div class=\"jeg_thumb\">\n                                <a href=\"https:\/\/divancentre.org\/en\/black-coffee-mit-dr-ole-diehl\/\" aria-label=\"Read article: Black Coffee with Dr. Ole Diehl\"><div class=\"thumbnail-container thumbnail-background\" data-src=\"https:\/\/divancentre.org\/wp-content\/uploads\/2025\/12\/0_cover-350x250.jpg\" >\n                        <div class=\"lazyloaded\" data-src=\"https:\/\/divancentre.org\/wp-content\/uploads\/2025\/12\/0_cover-350x250.jpg\" style=\"background-image: url(https:\/\/divancentre.org\/wp-content\/uploads\/2025\/12\/0_cover-350x250.jpg)\"><\/div>\n                    <\/div><\/a>\n                            <\/div>\n                            <div class=\"jeg_postblock_content\">\n                                <div class=\"jeg_post_category\"><a href=\"https:\/\/divancentre.org\/en\/category\/black-coffee-en\/\" class=\"category-black-coffee-en\">BLACK COFFEE<\/a><\/div>\n                                <div class=\"jeg_post_info\">\n                                    <h2 class=\"jeg_post_title\">\n                                        <a href=\"https:\/\/divancentre.org\/en\/black-coffee-mit-dr-ole-diehl\/\"  aria-label=\"Read article: Black Coffee with Dr. Ole Diehl\">Black Coffee with Dr. Ole Diehl<\/a>\n                                    <\/h2>\n                                    <div class=\"jeg_post_meta\"><div class=\"jeg_meta_date\"><a href=\"https:\/\/divancentre.org\/en\/black-coffee-mit-dr-ole-diehl\/\" ><i class=\"fa fa-clock-o\"><\/i> 5 months ago<\/a><\/div><\/div>\n                                <\/div>\n                            <\/div>\n                        <\/div>\n                    <\/article><article class=\"jeg_post jeg_hero_item_4 format-standard\" style=\"padding: 0 0 0px 0px;\">\n                        <div class=\"jeg_block_container\">\n                            \n                            <span class=\"jeg_postformat_icon\"><\/span>\n                            <div class=\"jeg_thumb\">\n                                <a href=\"https:\/\/divancentre.org\/en\/black-coffee-mit-joschka-fischer\/\" aria-label=\"Read article: Black Coffee with Joschka Fischer\"><div class=\"thumbnail-container thumbnail-background\" data-src=\"https:\/\/divancentre.org\/wp-content\/uploads\/2025\/10\/0-350x250.jpg\" >\n                        <div class=\"lazyloaded\" data-src=\"https:\/\/divancentre.org\/wp-content\/uploads\/2025\/10\/0-350x250.jpg\" style=\"background-image: url(https:\/\/divancentre.org\/wp-content\/uploads\/2025\/10\/0-350x250.jpg)\"><\/div>\n                    <\/div><\/a>\n                            <\/div>\n                            <div class=\"jeg_postblock_content\">\n                                <div class=\"jeg_post_category\"><a href=\"https:\/\/divancentre.org\/en\/category\/black-coffee-en\/\" class=\"category-black-coffee-en\">BLACK COFFEE<\/a><\/div>\n                                <div class=\"jeg_post_info\">\n                                    <h2 class=\"jeg_post_title\">\n                                        <a href=\"https:\/\/divancentre.org\/en\/black-coffee-mit-joschka-fischer\/\"  aria-label=\"Read article: Black Coffee with Joschka Fischer\">Black Coffee with Joschka Fischer<\/a>\n                                    <\/h2>\n                                    <div class=\"jeg_post_meta\"><div class=\"jeg_meta_date\"><a href=\"https:\/\/divancentre.org\/en\/black-coffee-mit-joschka-fischer\/\" ><i class=\"fa fa-clock-o\"><\/i> 6 months ago<\/a><\/div><\/div>\n                                <\/div>\n                            <\/div>\n                        <\/div>\n                    <\/article>\n                <\/div>\n\t            <\/div><div class=\"jeg_heroblock_wrapper\" style='margin: 0px 0px -0px -0px;'>\n\t                <article class=\"jeg_post jeg_hero_item_1 format-standard\" style=\"padding: 0 0 0px 0px;\">\n                        <div class=\"jeg_block_container\">\n                            \n                            <span class=\"jeg_postformat_icon\"><\/span>\n                            <div class=\"jeg_thumb\">\n                                <a href=\"https:\/\/divancentre.org\/en\/black-coffee-mit-dr-karl-heinz-kamp\/\" aria-label=\"Read article: Black Coffee with Dr. Karl-Heinz Kamp\"><div class=\"thumbnail-container thumbnail-background\" data-src=\"https:\/\/divancentre.org\/wp-content\/uploads\/2025\/07\/0_cover-750x500.jpg\" >\n                        <div class=\"lazyloaded\" data-src=\"https:\/\/divancentre.org\/wp-content\/uploads\/2025\/07\/0_cover-750x500.jpg\" style=\"background-image: url(https:\/\/divancentre.org\/wp-content\/uploads\/2025\/07\/0_cover-750x500.jpg)\"><\/div>\n                    <\/div><\/a>\n                            <\/div>\n                            <div class=\"jeg_postblock_content\">\n                                <div class=\"jeg_post_category\"><a href=\"https:\/\/divancentre.org\/en\/category\/black-coffee-en\/\" class=\"category-black-coffee-en\">BLACK COFFEE<\/a><\/div>\n                                <div class=\"jeg_post_info\">\n                                    <h2 class=\"jeg_post_title\">\n                                        <a href=\"https:\/\/divancentre.org\/en\/black-coffee-mit-dr-karl-heinz-kamp\/\"  aria-label=\"Read article: Black Coffee with Dr. Karl-Heinz Kamp\">Black Coffee with Dr. Karl-Heinz Kamp<\/a>\n                                    <\/h2>\n                                    <div class=\"jeg_post_meta\"><div class=\"jeg_meta_date\"><a href=\"https:\/\/divancentre.org\/en\/black-coffee-mit-dr-karl-heinz-kamp\/\"><i class=\"fa fa-clock-o\"><\/i> 10 months ago<\/a><\/div><\/div>\n                                <\/div>\n                            <\/div>\n                        <\/div>\n                    <\/article>\n                <div class=\"jeg_heroblock_scroller\">\n                    <article class=\"jeg_post jeg_hero_item_2 format-standard\" style=\"padding: 0 0 0px 0px;\">\n                        <div class=\"jeg_block_container\">\n                            \n                            <span class=\"jeg_postformat_icon\"><\/span>\n                            <div class=\"jeg_thumb\">\n                                <a href=\"https:\/\/divancentre.org\/en\/katarischer-staatsminister-spricht-auf-der-msc-ueber-die-bedeutung-von-dialog-mediation-und-internationalem-recht\/\" aria-label=\"Read article: Qatari Minister of State Speaks at the MSC About the Importance of Dialogue, Mediation, and International Law\"><div class=\"thumbnail-container thumbnail-background\" data-src=\"https:\/\/divancentre.org\/wp-content\/uploads\/2025\/02\/0cover-1-750x500.jpg\" >\n                        <div class=\"lazyloaded\" data-src=\"https:\/\/divancentre.org\/wp-content\/uploads\/2025\/02\/0cover-1-750x500.jpg\" style=\"background-image: url(https:\/\/divancentre.org\/wp-content\/uploads\/2025\/02\/0cover-1-750x500.jpg)\"><\/div>\n                    <\/div><\/a>\n                            <\/div>\n                            <div class=\"jeg_postblock_content\">\n                                <div class=\"jeg_post_category\"><a href=\"https:\/\/divancentre.org\/en\/category\/black-coffee-en\/\" class=\"category-black-coffee-en\">BLACK COFFEE<\/a><\/div>\n                                <div class=\"jeg_post_info\">\n                                    <h2 class=\"jeg_post_title\">\n                                        <a href=\"https:\/\/divancentre.org\/en\/katarischer-staatsminister-spricht-auf-der-msc-ueber-die-bedeutung-von-dialog-mediation-und-internationalem-recht\/\"  aria-label=\"Read article: Qatari Minister of State Speaks at the MSC About the Importance of Dialogue, Mediation, and International Law\">Qatari Minister of State Speaks at the MSC About the Importance of Dialogue, Mediation, and International Law<\/a>\n                                    <\/h2>\n                                    <div class=\"jeg_post_meta\"><div class=\"jeg_meta_date\"><a href=\"https:\/\/divancentre.org\/en\/katarischer-staatsminister-spricht-auf-der-msc-ueber-die-bedeutung-von-dialog-mediation-und-internationalem-recht\/\" ><i class=\"fa fa-clock-o\"><\/i> 1 year ago<\/a><\/div><\/div>\n                                <\/div>\n                            <\/div>\n                        <\/div>\n                    <\/article><article class=\"jeg_post jeg_hero_item_3 format-standard\" style=\"padding: 0 0 0px 0px;\">\n                        <div class=\"jeg_block_container\">\n                            \n                            <span class=\"jeg_postformat_icon\"><\/span>\n                            <div class=\"jeg_thumb\">\n                                <a href=\"https:\/\/divancentre.org\/en\/black-coffee-mit-dr-josef-braml\/\" aria-label=\"Read article: Black Coffee with Dr. Josef Braml\"><div class=\"thumbnail-container thumbnail-background\" data-src=\"https:\/\/divancentre.org\/wp-content\/uploads\/2025\/02\/0cover-350x250.jpg\" >\n                        <div class=\"lazyloaded\" data-src=\"https:\/\/divancentre.org\/wp-content\/uploads\/2025\/02\/0cover-350x250.jpg\" style=\"background-image: url(https:\/\/divancentre.org\/wp-content\/uploads\/2025\/02\/0cover-350x250.jpg)\"><\/div>\n                    <\/div><\/a>\n                            <\/div>\n                            <div class=\"jeg_postblock_content\">\n                                <div class=\"jeg_post_category\"><a href=\"https:\/\/divancentre.org\/en\/category\/black-coffee-en\/\" class=\"category-black-coffee-en\">BLACK COFFEE<\/a><\/div>\n                                <div class=\"jeg_post_info\">\n                                    <h2 class=\"jeg_post_title\">\n                                        <a href=\"https:\/\/divancentre.org\/en\/black-coffee-mit-dr-josef-braml\/\"  aria-label=\"Read article: Black Coffee with Dr. Josef Braml\">Black Coffee with Dr. Josef Braml<\/a>\n                                    <\/h2>\n                                    <div class=\"jeg_post_meta\"><div class=\"jeg_meta_date\"><a href=\"https:\/\/divancentre.org\/en\/black-coffee-mit-dr-josef-braml\/\" ><i class=\"fa fa-clock-o\"><\/i> 1 year ago<\/a><\/div><\/div>\n                                <\/div>\n                            <\/div>\n                        <\/div>\n                    <\/article><article class=\"jeg_post jeg_hero_item_4 format-standard\" style=\"padding: 0 0 0px 0px;\">\n                        <div class=\"jeg_block_container\">\n                            \n                            <span class=\"jeg_postformat_icon\"><\/span>\n                            <div class=\"jeg_thumb\">\n                                <a href=\"https:\/\/divancentre.org\/en\/black-coffee-mit-sigmar-gabriel\/\" aria-label=\"Read article: Black Coffee with Sigmar Gabriel\"><div class=\"thumbnail-container thumbnail-background\" data-src=\"https:\/\/divancentre.org\/wp-content\/uploads\/2024\/11\/1cover-350x250.jpg\" >\n                        <div class=\"lazyloaded\" data-src=\"https:\/\/divancentre.org\/wp-content\/uploads\/2024\/11\/1cover-350x250.jpg\" style=\"background-image: url(https:\/\/divancentre.org\/wp-content\/uploads\/2024\/11\/1cover-350x250.jpg)\"><\/div>\n                    <\/div><\/a>\n                            <\/div>\n                            <div class=\"jeg_postblock_content\">\n                                <div class=\"jeg_post_category\"><a href=\"https:\/\/divancentre.org\/en\/category\/black-coffee-en\/\" class=\"category-black-coffee-en\">BLACK COFFEE<\/a><\/div>\n                                <div class=\"jeg_post_info\">\n                                    <h2 class=\"jeg_post_title\">\n                                        <a href=\"https:\/\/divancentre.org\/en\/black-coffee-mit-sigmar-gabriel\/\"  aria-label=\"Read article: Black Coffee with Sigmar Gabriel\">Black Coffee with Sigmar Gabriel<\/a>\n                                    <\/h2>\n                                    <div class=\"jeg_post_meta\"><div class=\"jeg_meta_date\"><a href=\"https:\/\/divancentre.org\/en\/black-coffee-mit-sigmar-gabriel\/\" ><i class=\"fa fa-clock-o\"><\/i> 1 year ago<\/a><\/div><\/div>\n                                <\/div>\n                            <\/div>\n                        <\/div>\n                    <\/article>\n                <\/div>\n\t            <\/div><div class=\"jeg_heroblock_wrapper\" style='margin: 0px 0px -0px -0px;'>\n\t                <article class=\"jeg_post jeg_hero_item_1 format-standard\" style=\"padding: 0 0 0px 0px;\">\n                        <div class=\"jeg_block_container\">\n                            \n                            <span class=\"jeg_postformat_icon\"><\/span>\n                            <div class=\"jeg_thumb\">\n                                <a href=\"https:\/\/divancentre.org\/en\/black-coffee-with-dr-daniela-schwarzer\/\" aria-label=\"Read article: Black Coffee with Prof. Dr Daniela Schwarzer\"><div class=\"thumbnail-container thumbnail-background\" data-src=\"https:\/\/divancentre.org\/wp-content\/uploads\/2024\/06\/DSC07879-750x638.jpg\" >\n                        <div class=\"lazyloaded\" data-src=\"https:\/\/divancentre.org\/wp-content\/uploads\/2024\/06\/DSC07879-750x638.jpg\" style=\"background-image: url(https:\/\/divancentre.org\/wp-content\/uploads\/2024\/06\/DSC07879-750x638.jpg)\"><\/div>\n                    <\/div><\/a>\n                            <\/div>\n                            <div class=\"jeg_postblock_content\">\n                                <div class=\"jeg_post_category\"><a href=\"https:\/\/divancentre.org\/en\/category\/black-coffee-en\/\" class=\"category-black-coffee-en\">BLACK COFFEE<\/a><\/div>\n                                <div class=\"jeg_post_info\">\n                                    <h2 class=\"jeg_post_title\">\n                                        <a href=\"https:\/\/divancentre.org\/en\/black-coffee-with-dr-daniela-schwarzer\/\"  aria-label=\"Read article: Black Coffee with Prof. Dr Daniela Schwarzer\">Black Coffee with Prof. Dr Daniela Schwarzer<\/a>\n                                    <\/h2>\n                                    <div class=\"jeg_post_meta\"><div class=\"jeg_meta_date\"><a href=\"https:\/\/divancentre.org\/en\/black-coffee-with-dr-daniela-schwarzer\/\"><i class=\"fa fa-clock-o\"><\/i> 2 years ago<\/a><\/div><\/div>\n                                <\/div>\n                            <\/div>\n                        <\/div>\n                    <\/article>\n                <div class=\"jeg_heroblock_scroller\">\n                    <article class=\"jeg_post jeg_hero_item_2 format-gallery\" style=\"padding: 0 0 0px 0px;\">\n                        <div class=\"jeg_block_container\">\n                            \n                            <span class=\"jeg_postformat_icon\"><\/span>\n                            <div class=\"jeg_thumb\">\n                                <a href=\"https:\/\/divancentre.org\/en\/black-coffee-with-dr-wolfgang-ischinger\/\" aria-label=\"Read article: Black Coffee with Dr Wolfgang Ischinger\"><div class=\"thumbnail-container thumbnail-background\" data-src=\"https:\/\/divancentre.org\/wp-content\/uploads\/2024\/10\/DSC06557-750x500.jpg\" >\n                        <div class=\"lazyloaded\" data-src=\"https:\/\/divancentre.org\/wp-content\/uploads\/2024\/10\/DSC06557-750x500.jpg\" style=\"background-image: url(https:\/\/divancentre.org\/wp-content\/uploads\/2024\/10\/DSC06557-750x500.jpg)\"><\/div>\n                    <\/div><\/a>\n                            <\/div>\n                            <div class=\"jeg_postblock_content\">\n                                <div class=\"jeg_post_category\"><a href=\"https:\/\/divancentre.org\/en\/category\/black-coffee-en\/\" class=\"category-black-coffee-en\">BLACK COFFEE<\/a><\/div>\n                                <div class=\"jeg_post_info\">\n                                    <h2 class=\"jeg_post_title\">\n                                        <a href=\"https:\/\/divancentre.org\/en\/black-coffee-with-dr-wolfgang-ischinger\/\"  aria-label=\"Read article: Black Coffee with Dr Wolfgang Ischinger\">Black Coffee with Dr Wolfgang Ischinger<\/a>\n                                    <\/h2>\n                                    <div class=\"jeg_post_meta\"><div class=\"jeg_meta_date\"><a href=\"https:\/\/divancentre.org\/en\/black-coffee-with-dr-wolfgang-ischinger\/\" ><i class=\"fa fa-clock-o\"><\/i> 2 years ago<\/a><\/div><\/div>\n                                <\/div>\n                            <\/div>\n                        <\/div>\n                    <\/article><article class=\"jeg_post jeg_hero_item_3 format-standard\" style=\"padding: 0 0 0px 0px;\">\n                        <div class=\"jeg_block_container\">\n                            \n                            <span class=\"jeg_postformat_icon\"><\/span>\n                            <div class=\"jeg_thumb\">\n                                <a href=\"https:\/\/divancentre.org\/en\/black-coffee-with-gustav-gressel\/\" aria-label=\"Read article: Black Coffee with Dr Gustav Gressel\"><div class=\"thumbnail-container thumbnail-background\" data-src=\"https:\/\/divancentre.org\/wp-content\/uploads\/2024\/03\/DSC05427-350x250.jpg\" >\n                        <div class=\"lazyloaded\" data-src=\"https:\/\/divancentre.org\/wp-content\/uploads\/2024\/03\/DSC05427-350x250.jpg\" style=\"background-image: url(https:\/\/divancentre.org\/wp-content\/uploads\/2024\/03\/DSC05427-350x250.jpg)\"><\/div>\n                    <\/div><\/a>\n                            <\/div>\n                            <div class=\"jeg_postblock_content\">\n                                <div class=\"jeg_post_category\"><a href=\"https:\/\/divancentre.org\/en\/category\/black-coffee-en\/\" class=\"category-black-coffee-en\">BLACK COFFEE<\/a><\/div>\n                                <div class=\"jeg_post_info\">\n                                    <h2 class=\"jeg_post_title\">\n                                        <a href=\"https:\/\/divancentre.org\/en\/black-coffee-with-gustav-gressel\/\"  aria-label=\"Read article: Black Coffee with Dr Gustav Gressel\">Black Coffee with Dr Gustav Gressel<\/a>\n                                    <\/h2>\n                                    <div class=\"jeg_post_meta\"><div class=\"jeg_meta_date\"><a href=\"https:\/\/divancentre.org\/en\/black-coffee-with-gustav-gressel\/\" ><i class=\"fa fa-clock-o\"><\/i> 2 years ago<\/a><\/div><\/div>\n                                <\/div>\n                            <\/div>\n                        <\/div>\n                    <\/article><article class=\"jeg_post jeg_hero_item_4 format-standard\" style=\"padding: 0 0 0px 0px;\">\n                        <div class=\"jeg_block_container\">\n                            \n                            <span class=\"jeg_postformat_icon\"><\/span>\n                            <div class=\"jeg_thumb\">\n                                <a href=\"https:\/\/divancentre.org\/en\/black-coffee-with-dr-guntram-wolff\/\" aria-label=\"Read article: Black Coffee with Dr Guntram Wolff\"><div class=\"thumbnail-container thumbnail-background\" data-src=\"https:\/\/divancentre.org\/wp-content\/uploads\/2024\/01\/WhatsApp-Image-2024-01-03-at-14.31.04-4-350x250.jpeg\" >\n                        <div class=\"lazyloaded\" data-src=\"https:\/\/divancentre.org\/wp-content\/uploads\/2024\/01\/WhatsApp-Image-2024-01-03-at-14.31.04-4-350x250.jpeg\" style=\"background-image: url(https:\/\/divancentre.org\/wp-content\/uploads\/2024\/01\/WhatsApp-Image-2024-01-03-at-14.31.04-4-350x250.jpeg)\"><\/div>\n                    <\/div><\/a>\n                            <\/div>\n                            <div class=\"jeg_postblock_content\">\n                                <div class=\"jeg_post_category\"><a href=\"https:\/\/divancentre.org\/en\/category\/black-coffee-en\/\" class=\"category-black-coffee-en\">BLACK COFFEE<\/a><\/div>\n                                <div class=\"jeg_post_info\">\n                                    <h2 class=\"jeg_post_title\">\n                                        <a href=\"https:\/\/divancentre.org\/en\/black-coffee-with-dr-guntram-wolff\/\"  aria-label=\"Read article: Black Coffee with Dr Guntram Wolff\">Black Coffee with Dr Guntram Wolff<\/a>\n                                    <\/h2>\n                                    <div class=\"jeg_post_meta\"><div class=\"jeg_meta_date\"><a href=\"https:\/\/divancentre.org\/en\/black-coffee-with-dr-guntram-wolff\/\" ><i class=\"fa fa-clock-o\"><\/i> 2 years ago<\/a><\/div><\/div>\n                                <\/div>\n                            <\/div>\n                        <\/div>\n                    <\/article>\n                <\/div>\n\t            <\/div><\/div>\n            <\/div>\n            [\/vc_column][\/vc_row][vc_row vc_row_background=&#8221;&#8221;][vc_column][vc_row_inner][vc_column_inner width=&#8221;1\/4&#8243;][vc_single_image image=&#8221;987499384&#8243; img_size=&#8221;full&#8221;][\/vc_column_inner][vc_column_inner width=&#8221;3\/4&#8243;][vc_column_text css_animation=&#8221;fadeInLeft&#8221;]Der <strong>Black Coffee<\/strong> ist rasch zum Aush\u00e4ngeschild des Divan Centre geworden. Redner sind wichtige Akteure wie beispielsweise<\/p>\n<p>Christoph HEUSGEN, Leiter der M\u00fcnchner Sicherheitskonferenz<br \/>\nJ\u00f6rg KUKIES, Staatssekret\u00e4r im Bundeskanzleramt<br \/>\nDr. Klaus WITTMANN, Brigadegeneral a.D.<br \/>\nDr. August HANNING, Pr\u00e4sident des Bundesnachrichtendienstes (BND) a. D.<br \/>\nDr. Stefan MAIR, Direktor der Stiftung Wissenschaft und Politik (SWP)<br \/>\nDr. Ekkehard BROSE, Pr\u00e4sident der Bundesakademie f\u00fcr Sicherheitspolitik (BAKS)<\/p>\n<p>Treffpunkt des Black Coffee ist die Bibliothek des Hotels Waldorf Astoria in Berlin. Der Panoramablick \u00fcber Berlin aus dem 15. Stockwerk des Hotels symbolisiert die Erweiterung des Horizonts. Die Zahl der Teilnehmer ist limitiert, um die Vertraulichkeit zu garantieren.<\/p>\n<p>Teilnehmer sind Diplomaten, auch auf Botschafterebene, Vertreter von Think Tanks und Stiftungen, Entscheidungstr\u00e4ger aus dem politischen Umfeld sowie Korrespondenten von f\u00fchrenden deutschen und ausl\u00e4ndischen Medien.[\/vc_column_text][\/vc_column_inner][\/vc_row_inner][\/vc_column][\/vc_row]<\/p>\n<\/div>","protected":false},"excerpt":{"rendered":"<p>[vc_row full_width=&#8221;stretch_row_content_no_spaces&#8221; vc_row_background=&#8221;&#8221;][vc_column][\/vc_column][\/vc_row][vc_row vc_row_background=&#8221;&#8221;][vc_column][vc_row_inner][vc_column_inner width=&#8221;1\/4&#8243;][vc_single_image image=&#8221;987499384&#8243; img_size=&#8221;full&#8221;][\/vc_column_inner][vc_column_inner width=&#8221;3\/4&#8243;][vc_column_text css_animation=&#8221;fadeInLeft&#8221;]Der Black Coffee ist rasch zum Aush\u00e4ngeschild des Divan Centre geworden. Redner sind wichtige Akteure wie beispielsweise Christoph HEUSGEN, Leiter der M\u00fcnchner Sicherheitskonferenz J\u00f6rg KUKIES, Staatssekret\u00e4r im Bundeskanzleramt Dr. Klaus WITTMANN, Brigadegeneral a.D. Dr. August HANNING, Pr\u00e4sident des Bundesnachrichtendienstes (BND) a. D. Dr. Stefan MAIR, Direktor der [&hellip;]<\/p>\n","protected":false},"author":1,"featured_media":0,"parent":0,"menu_order":0,"comment_status":"closed","ping_status":"closed","template":"","meta":{"jnews_page_loop":{"enable_page_loop":"0","first_title":"Latest Post","second_title":"","header_type":"heading_6","header_background":"","header_text_color":"","layout":"right-sidebar","sidebar":"default-sidebar","second_sidebar":"default-sidebar","sticky_sidebar":"1","module":"3","boxed":"0","boxed_shadow":"0","box_shadow":"0","excerpt_length":"20","content_date":"default","date_custom":"Y\/m\/d","content_pagination":"nav_1","pagination_align":"center","show_navtext":"0","show_pageinfo":"0","post_offset":"0","posts_per_page":"5","include_post":"","exclude_post":"","include_category":"","exclude_category":"","include_author":"","include_tag":"","exclude_tag":"","sort_by":"latest"},"jnews_single_page":{"layout":"no-sidebar","sidebar":"default-sidebar","second_sidebar":"default-sidebar","sticky_sidebar":"1","show_post_featured":"1","show_post_meta":"0","share_position":"hide","share_color":"share-monocrhome"},"jnews_social_meta":{"fb_title":"","fb_description":"","fb_image":"","twitter_title":"","twitter_description":"","twitter_image":""},"footnotes":""},"class_list":["post-987499409","page","type-page","status-publish","hentry"],"_links":{"self":[{"href":"https:\/\/divancentre.org\/en\/wp-json\/wp\/v2\/pages\/987499409","targetHints":{"allow":["GET"]}}],"collection":[{"href":"https:\/\/divancentre.org\/en\/wp-json\/wp\/v2\/pages"}],"about":[{"href":"https:\/\/divancentre.org\/en\/wp-json\/wp\/v2\/types\/page"}],"author":[{"embeddable":true,"href":"https:\/\/divancentre.org\/en\/wp-json\/wp\/v2\/users\/1"}],"replies":[{"embeddable":true,"href":"https:\/\/divancentre.org\/en\/wp-json\/wp\/v2\/comments?post=987499409"}],"version-history":[{"count":5,"href":"https:\/\/divancentre.org\/en\/wp-json\/wp\/v2\/pages\/987499409\/revisions"}],"predecessor-version":[{"id":987500353,"href":"https:\/\/divancentre.org\/en\/wp-json\/wp\/v2\/pages\/987499409\/revisions\/987500353"}],"wp:attachment":[{"href":"https:\/\/divancentre.org\/en\/wp-json\/wp\/v2\/media?parent=987499409"}],"curies":[{"name":"wp","href":"https:\/\/api.w.org\/{rel}","templated":true}]}}